{"id":596,"date":"2018-10-10T07:48:25","date_gmt":"2018-10-10T06:48:25","guid":{"rendered":"http:\/\/www.carsten-schneider.de\/blog\/?page_id=596"},"modified":"2021-06-11T14:04:09","modified_gmt":"2021-06-11T13:04:09","slug":"startseite","status":"publish","type":"page","link":"https:\/\/www.carsten-schneider.de\/blog\/","title":{"rendered":"Startseite"},"content":{"rendered":"<\/div><\/div><\/div><!-- close content main div --><\/div><\/div><div id='av_section_1' class='avia-section main_color avia-section-default avia-no-border-styling avia-full-stretch av-parallax-section avia-bg-style-parallax   av-minimum-height av-minimum-height-100 container_wrap fullsize' style = 'background-color: #b02b2c; ' data-section-bg-repeat='stretch' ><div class='av-parallax' data-avia-parallax-ratio='0.3' ><div class='av-parallax-inner main_color  avia-full-stretch' style = 'background-color: #b02b2c; background-repeat: no-repeat; background-image: url(https:\/\/www.carsten-schneider.de\/blog\/wp-content\/uploads\/2021\/06\/SPD_Hintergrund_Form_Template_3.png);background-attachment: scroll; background-position: center center; ' ><\/div><\/div><div class='container' ><div class='template-page content  av-content-full alpha units'><div class='post-entry post-entry-type-page post-entry-596'><div class='entry-content-wrapper clearfix'>\n<div class=\"flex_column av_one_half  flex_column_div av-zero-column-padding first  \" style='border-radius:0px; '><div class='avia-image-container  av-styling-    avia-align-center '  itemprop=\"ImageObject\" itemscope=\"itemscope\" itemtype=\"https:\/\/schema.org\/ImageObject\"  ><div class='avia-image-container-inner'><div class='avia-image-overlay-wrap'><img class='avia_image ' src='https:\/\/www.carsten-schneider.de\/blog\/wp-content\/uploads\/2021\/06\/titel-gross-sozialepolitik.png' alt='' title='titel-gross-sozialepolitik' height=\"1200\"width=\"1800\"  itemprop=\"thumbnailUrl\"  \/><\/div><\/div><\/div><\/div><div class=\"flex_column av_one_half  flex_column_div av-zero-column-padding   \" style='border-radius:0px; '><div class='avia-image-container  av-styling-    avia-align-center '  itemprop=\"ImageObject\" itemscope=\"itemscope\" itemtype=\"https:\/\/schema.org\/ImageObject\"  ><div class='avia-image-container-inner'><div class='avia-image-overlay-wrap'><img class='avia_image ' src='https:\/\/www.carsten-schneider.de\/blog\/wp-content\/uploads\/2021\/06\/Schneider_Carsten_00042_MK-preview.jpg' alt='' title='Schneider_Carsten_00042_MK-preview' height=\"1149\"width=\"880\"  itemprop=\"thumbnailUrl\"  \/><\/div><\/div><\/div><\/div><div style=' margin-top:30px; margin-bottom:30px;'  class='hr hr-custom hr-center hr-icon-no  '><span class='hr-inner   inner-border-av-border-none' style=' width:50px;' ><span class='hr-inner-style'><\/span><\/span><\/div>\n<div class=\"flex_column av_one_fifth  flex_column_div av-zero-column-padding first  \" style='border-radius:0px; '><\/div><div class=\"flex_column av_one_fifth  av-animated-generic pop-up  flex_column_div av-zero-column-padding   \" style='border-width:2px; border-color:#ffffff; border-style:solid; border-radius:0px; '><div class='avia-image-container avia_animated_image avia_animate_when_almost_visible pop-up av-styling-    avia-align-center '  itemprop=\"ImageObject\" itemscope=\"itemscope\" itemtype=\"https:\/\/schema.org\/ImageObject\"  ><div class='avia-image-container-inner'><div class='avia-image-overlay-wrap'><a href='https:\/\/twitter.com\/schneidercar' class='avia_image'   target=\"_blank\" ><img class='avia_image ' src='https:\/\/www.carsten-schneider.de\/blog\/wp-content\/uploads\/2021\/06\/800q-twitter.png' alt='' title='800q-twitter'  itemprop=\"thumbnailUrl\"  \/><\/a><\/div><\/div><\/div><\/div><div class=\"flex_column av_one_fifth  av-animated-generic pop-up  flex_column_div av-zero-column-padding   \" style='border-width:2px; border-color:#ffffff; border-style:solid; border-radius:0px; '><div class='avia-image-container avia_animated_image avia_animate_when_almost_visible pop-up av-styling-    avia-align-center '  itemprop=\"ImageObject\" itemscope=\"itemscope\" itemtype=\"https:\/\/schema.org\/ImageObject\"  ><div class='avia-image-container-inner'><div class='avia-image-overlay-wrap'><a href='https:\/\/facebook.com\/schneidercar' class='avia_image'   target=\"_blank\" ><img class='avia_image ' src='https:\/\/www.carsten-schneider.de\/blog\/wp-content\/uploads\/2021\/06\/800q-facebook.png' alt='' title='800q-facebook'  itemprop=\"thumbnailUrl\"  \/><\/a><\/div><\/div><\/div><\/div><div class=\"flex_column av_one_fifth  av-animated-generic pop-up  flex_column_div av-zero-column-padding   \" style='border-width:2px; border-color:#ffffff; border-style:solid; border-radius:0px; '><div class='avia-image-container avia_animated_image avia_animate_when_almost_visible pop-up av-styling-    avia-align-center '  itemprop=\"ImageObject\" itemscope=\"itemscope\" itemtype=\"https:\/\/schema.org\/ImageObject\"  ><div class='avia-image-container-inner'><div class='avia-image-overlay-wrap'><a href='https:\/\/instagram.com\/schneidercar_spd' class='avia_image'   target=\"_blank\" ><img class='avia_image ' src='https:\/\/www.carsten-schneider.de\/blog\/wp-content\/uploads\/2021\/06\/800q-instagram.png' alt='' title='800q-instagram'  itemprop=\"thumbnailUrl\"  \/><\/a><\/div><\/div><\/div><\/div><div style=' margin-top:30px; margin-bottom:30px;'  class='hr hr-custom hr-center hr-icon-no  '><span class='hr-inner   inner-border-av-border-none' style=' width:50px;' ><span class='hr-inner-style'><\/span><\/span><\/div>\n\n<\/div><\/div><\/div><!-- close content main div --><\/div><\/div><div id='av_section_2' class='avia-section main_color avia-section-default avia-no-border-styling avia-bg-style-scroll   av-minimum-height av-minimum-height-100 container_wrap fullsize' style = 'background-image: '  ><div class='container' ><div class='template-page content  av-content-full alpha units'><div class='post-entry post-entry-type-page post-entry-596'><div class='entry-content-wrapper clearfix'>\n<div class=\"flex_column av_three_fourth  flex_column_div av-zero-column-padding first  \" style='border-radius:0px; '><div class='avia-image-container  av-styling-    avia-align-center '  itemprop=\"ImageObject\" itemscope=\"itemscope\" itemtype=\"https:\/\/schema.org\/ImageObject\"  ><div class='avia-image-container-inner'><div class='avia-image-overlay-wrap'><img class='avia_image ' src='https:\/\/www.carsten-schneider.de\/blog\/wp-content\/uploads\/2021\/06\/titel-klein-darumgehts_rot.png' alt='' title='titel-klein-darumgehts_rot' height=\"200\"width=\"1800\"  itemprop=\"thumbnailUrl\"  \/><\/div><\/div><\/div><\/div><div class=\"flex_column av_one_fourth  flex_column_div av-zero-column-padding   \" style='background: #d90000; border-width:2px; border-color:#ffffff; border-style:solid; background-color:#d90000; border-radius:0px; '><\/div><div class=\"flex_column av_one_half  flex_column_div av-zero-column-padding first  \" style='border-radius:0px; '><section class=\"av_textblock_section \"  itemscope=\"itemscope\" itemtype=\"https:\/\/schema.org\/CreativeWork\" ><div class='avia_textblock  '   itemprop=\"text\" ><h2>Die SPD macht den Unterschied<\/h2>\n<p>Die Corona-Pandemie hat die Welt und unser Land regelrecht ersch\u00fcttert. Viele Besch\u00e4ftigte sind in Kurzarbeit, Familien im Stresstest, Menschen sind isoliert und Unternehmen m\u00fcssen unverschuldet um ihre Existenz f\u00fcrchten. Seit 1998 bin ich SPD-Bundestagsabgeordneter und Corona ist die gr\u00f6\u00dfte politische Herausforderung, die ich bisher erlebt habe.<span class=\"Apple-converted-space\">\u00a0<\/span><\/p>\n<p>In diesen Zeiten ist es gut, dass die SPD im Bund mitregiert. Im R\u00fcckblick bin ich wirklich froh dar\u00fcber, dass sich eine Mehrheit der SPD-Mitglieder f\u00fcr den nochmaligen Eintritt in die Bundesregierung ausgesprochen hat. Wie w\u00fcrde wohl das Krisenmanagement einer schwarz-gr\u00fcn-gelben Koalition aussehen: Aussetzung des Mindestlohns statt Erh\u00f6hung des Kurzarbeitergeldes, Ausweitung von Leiharbeit und Werkvertr\u00e4gen statt Regulierung, Schutzschirm f\u00fcr Privatschulen statt Digitalpakt f\u00fcr alle?<span class=\"Apple-converted-space\">\u00a0<\/span><\/p>\n<p>Es ist der SPD und insbesondere der Bundestagsfraktion zu verdanken, dass mit dem Konjunkturpaket nicht nur die Wirtschaft gef\u00f6rdert wird, sondern vor allem auch Familien, Menschen mit normalem Einkommen, St\u00e4dte und Gemeinden profitieren. Wir haben das Kurzarbeitergeld massiv ausgeweitet und die Lohnfortzahlung f\u00fcr Eltern erm\u00f6glicht, die wegen der Kita- und Schulschlie\u00dfungen nicht arbeiten konnten.<span class=\"Apple-converted-space\">\u00a0<\/span><\/p>\n<p>Der Schutzschirm f\u00fcr Soziale Tr\u00e4gervereine ist ebenso das Verdienst der SPD wie die Entlastung privater Haushalte durch die Absenkung der Mehrwertsteuer und der EEG-Umlage. Ebenso ist es dem Einsatz der Sozialdemokratie zu verdanken, dass der Kinderbonus in H\u00f6he von 300 Euro nicht mit anderen Sozialleistungen verrechnet wird.<\/p>\n<p>Au\u00dferdem haben wir daf\u00fcr gesorgt, dass der Bund zus\u00e4tzlich 500 Millionen Euro zur Verf\u00fcgung stellt, damit alle Sch\u00fclerinnen und Sch\u00fcler mit einem modernen Endger\u00e4t f\u00fcr digitales Lernen versorgt werden k\u00f6nnen. Bildungsgerechtigkeit ist f\u00fcr uns nicht verhandelbar!<\/p>\n<p>Unverhandelbar ist f\u00fcr uns Sozialdemokratinnen und Sozialdemokraten auch das konsequente Eintreten f\u00fcr eine freie und weltoffene Gesellschaft, f\u00fcr Rechtsstaatlichkeit, Demokratie und Republik. Wir werden niemals tatenlos zusehen, wenn alte und neue Nazis, verblendete Reichsb\u00fcrger und Antisemiten, v\u00f6lkische Demagogen und rechte Schl\u00e4ger den demokratischen Diskurs sabotieren und mit ihrem sinnlosen Hass unser friedliches Zusammenleben vergiften. Die SPD k\u00e4mpft seit 157 Jahren konsequent und leidenschaftlich f\u00fcr eine freie und solidarische Gesellschaft und das wird auch immer so bleiben, darauf d\u00fcrfen und k\u00f6nnen sich die Menschen in Deutschland verlassen.<\/p>\n<p>Darum wollen wir einen neuen Pakt f\u00fcr das Zusammenleben in Deutschland mit einer dauerhaften St\u00e4rkung der inneren und sozialen Sicherheit, der kulturellen Teilhabe und Demokratief\u00f6rderung.<\/p>\n<p>Die Ideen und Werte der sozialen Demokratie haben sich keinesfalls erledigt, wie immer wieder behauptet wird. Das Gegenteil ist zutreffend: Die Sozialdemokratie wird gerade heute mehr gebraucht denn je. Packen wir\u00b4s an!<\/p>\n<\/div><\/section><\/div><div class=\"flex_column av_one_half  flex_column_div av-zero-column-padding   \" style='border-radius:0px; '><div class=\"togglecontainer  av-minimal-toggle toggle_close_all \" >\n<section class=\"av_toggle_section\"  itemscope=\"itemscope\" itemtype=\"https:\/\/schema.org\/CreativeWork\"  >    <div class=\"single_toggle\" data-tags=\"{Alle} \"  >        <p data-fake-id=\"#toggle-id-1\" class=\"toggler  av-inherit-font-color  av-inherit-border-color \"  itemprop=\"headline\"  style='background-color: #efefef; color: #474747; border-color: #efefef; '>Mit Wumms aus der Krise!<span class=\"toggle_icon\" style='border-color:#474747;'>        <span class=\"vert_icon\"><\/span><span class=\"hor_icon\"><\/span><\/span><\/p>        <div id=\"toggle-id-1-container\" class=\"toggle_wrap \"  >            <div class=\"toggle_content invers-color  av-inherit-font-color  av-inherit-border-color \"  itemprop=\"text\"  style='background-color: #efefef; color: #474747; border-color: #efefef; ' ><p><img loading=\"lazy\" class=\"alignright size-full wp-image-585\" src=\"http:\/\/www.carsten-schneider.de\/blog\/wp-content\/uploads\/2018\/06\/2500-gs-dach.jpg\" alt=\"\" width=\"2500\" height=\"1667\" srcset=\"https:\/\/www.carsten-schneider.de\/blog\/wp-content\/uploads\/2018\/06\/2500-gs-dach.jpg 2500w, https:\/\/www.carsten-schneider.de\/blog\/wp-content\/uploads\/2018\/06\/2500-gs-dach-300x200.jpg 300w, https:\/\/www.carsten-schneider.de\/blog\/wp-content\/uploads\/2018\/06\/2500-gs-dach-768x512.jpg 768w, https:\/\/www.carsten-schneider.de\/blog\/wp-content\/uploads\/2018\/06\/2500-gs-dach-1024x683.jpg 1024w, https:\/\/www.carsten-schneider.de\/blog\/wp-content\/uploads\/2018\/06\/2500-gs-dach-272x182.jpg 272w\" sizes=\"(max-width: 2500px) 100vw, 2500px\" \/><\/p>\n<p>Die Pandemie hat auch unser Land in eine Wirtschaftskrise gest\u00fcrzt. Wichtig ist uns, dass niemand in dieser herausfordernden Zeit allein gelassen wird. Daher haben wir ein Konjunkturprogramm im Umfang von 130 Milliarden Euro beschlossen, das der Wirtschaft einen kr\u00e4ftigen Schub gibt und an vielen Stellen gleichzeitig unterst\u00fctzt. Es umfasst Familien, Kommunen, Auszubildende, kleine und mittelst\u00e4ndische Unternehmen sowie Kultur und Umwelt.<\/p>\n<p>Ein gutes Konjunkturprogramm definiert sich aber nicht allein \u00fcber die Gr\u00f6\u00dfe. Deshalb haben wir als SPD von Anfang an klare Ma\u00dfst\u00e4be festgelegt: es sollte maximal wirksam, sozial gerecht und \u00f6kologisch nachhaltig sein.<\/p>\n<p>Ein Kernanliegen war uns hierbei die Sicherung von Arbeits- und Ausbildungspl\u00e4tzen, die St\u00e4rkung der Kaufkraft sowie gezielte und unb\u00fcrokratische Hilfen, wo sie am dringendsten gebraucht werden: bei Besch\u00e4ftigten der besonders von Corona betroffenen Branchen, bei Familien, Menschen mit kleinen und mittleren Einkommen, bei Selbstst\u00e4ndigen und Kleinunternehmen. Als ein sehr wirksames Mittel hat sich hier das von der SPD geforderte Kurzarbeitergeld erwiesen. So gelang es uns bereits jetzt, Millionen von Arbeitspl\u00e4tzen zu retten. Da die Folgen der Corona-Pandemie uns aber noch l\u00e4nger begleiten werden, haben wir uns erneut f\u00fcr eine Ausweitung der Zahlungen bis 2022 stark gemacht.<\/p>\n<p>Dar\u00fcber hinaus investieren wir konsequent und gezielt in die Modernisierung unseres Landes: in die Energie- und Mobilit\u00e4tswende, in Digitalisierung und soziale Infrastruktur (wie Kitas und Schulen), um Deutschland fit f\u00fcr die Herausforderungen der Zukunft zu machen.<\/p>\n            <\/div>        <\/div>    <\/div><\/section>\n<section class=\"av_toggle_section\"  itemscope=\"itemscope\" itemtype=\"https:\/\/schema.org\/CreativeWork\"  >    <div class=\"single_toggle\" data-tags=\"{Alle} \"  >        <p data-fake-id=\"#toggle-id-2\" class=\"toggler  av-inherit-font-color  av-inherit-border-color \"  itemprop=\"headline\"  style='background-color: #efefef; color: #474747; border-color: #efefef; '>Mit Wumms aus der Krise!<span class=\"toggle_icon\" style='border-color:#474747;'>        <span class=\"vert_icon\"><\/span><span class=\"hor_icon\"><\/span><\/span><\/p>        <div id=\"toggle-id-2-container\" class=\"toggle_wrap \"  >            <div class=\"toggle_content invers-color  av-inherit-font-color  av-inherit-border-color \"  itemprop=\"text\"  style='background-color: #efefef; color: #474747; border-color: #efefef; ' ><p>Die Pandemie hat auch unser Land in eine Wirtschaftskrise gest\u00fcrzt. Wichtig ist uns, dass niemand in dieser herausfordernden Zeit allein gelassen wird. Daher haben wir ein Konjunkturprogramm im Umfang von 130 Milliarden Euro beschlossen, das der Wirtschaft einen kr\u00e4ftigen Schub gibt und an vielen Stellen gleichzeitig unterst\u00fctzt. Es umfasst Familien, Kommunen, Auszubildende, kleine und mittelst\u00e4ndische Unternehmen sowie Kultur und Umwelt.<\/p>\n<p>Ein gutes Konjunkturprogramm definiert sich aber nicht allein \u00fcber die Gr\u00f6\u00dfe. Deshalb haben wir als SPD von Anfang an klare Ma\u00dfst\u00e4be festgelegt: es sollte maximal wirksam, sozial gerecht und \u00f6kologisch nachhaltig sein.<span class=\"Apple-converted-space\">\u00a0<\/span><\/p>\n<p>Ein Kernanliegen war uns hierbei die Sicherung von Arbeits- und Ausbildungspl\u00e4tzen, die St\u00e4rkung der Kaufkraft sowie gezielte und unb\u00fcrokratische Hilfen, wo sie am dringendsten gebraucht werden: bei Besch\u00e4ftigten der besonders von Corona betroffenen Branchen, bei Familien, Menschen mit kleinen und mittleren Einkommen, bei Selbstst\u00e4ndigen und Kleinunternehmen. Als ein sehr wirksames Mittel hat sich hier das von der SPD geforderte Kurzarbeitergeld erwiesen. So gelang es uns bereits jetzt, Millionen von Arbeitspl\u00e4tzen zu retten. Da die Folgen der Corona-Pandemie uns aber noch l\u00e4nger begleiten werden, haben wir uns erneut f\u00fcr eine Ausweitung der Zahlungen bis 2022 stark gemacht.<\/p>\n<p>Dar\u00fcber hinaus investieren wir konsequent und gezielt in die Modernisierung unseres Landes: in die Energie- und Mobilit\u00e4tswende, in Digitalisierung und soziale Infrastruktur (wie Kitas und Schulen), um Deutschland fit f\u00fcr die Herausforderungen der Zukunft zu machen.<\/p>\n<p><span style=\"color: #ff0000;\"><b>Unser Konjunkturpaket<\/b><\/span><\/p>\n<ul>\n<li><span style=\"color: #ff0000;\">Rettung von Millionen Arbeitspl\u00e4tzen durch das Kurzarbeitergeld<\/span><\/li>\n<li><span style=\"color: #ff0000;\">Ausbildungspr\u00e4mie f\u00fcr kleine und mittelst\u00e4ndische Unternehmen zur Sicherung von Ausbildungspl\u00e4tzen<\/span><\/li>\n<li><span style=\"color: #ff0000;\">Senkung der Mehrwertsteuer zur St\u00e4rkung der Kaufkraft<\/span><\/li>\n<li><span style=\"color: #ff0000;\">Kinderbonus in H\u00f6he von 300 Euro zur Entlastung von Familien<\/span><\/li>\n<li><span style=\"color: #ff0000;\">Unterst\u00fctzung von Kultureinrichtungen<\/span><\/li>\n<li><span style=\"color: #ff0000;\">Investitionen in eine klimafreundliche Energie- und Mobilit\u00e4tswende<\/span><\/li>\n<\/ul>\n            <\/div>        <\/div>    <\/div><\/section>\n<section class=\"av_toggle_section\"  itemscope=\"itemscope\" itemtype=\"https:\/\/schema.org\/CreativeWork\"  >    <div class=\"single_toggle\" data-tags=\"{Alle} \"  >        <p data-fake-id=\"#toggle-id-3\" class=\"toggler  av-inherit-font-color  av-inherit-border-color \"  itemprop=\"headline\"  style='background-color: #efefef; color: #474747; border-color: #efefef; '>Mit Wumms aus der Krise!<span class=\"toggle_icon\" style='border-color:#474747;'>        <span class=\"vert_icon\"><\/span><span class=\"hor_icon\"><\/span><\/span><\/p>        <div id=\"toggle-id-3-container\" class=\"toggle_wrap \"  >            <div class=\"toggle_content invers-color  av-inherit-font-color  av-inherit-border-color \"  itemprop=\"text\"  style='background-color: #efefef; color: #474747; border-color: #efefef; ' ><p>Die Pandemie hat auch unser Land in eine Wirtschaftskrise gest\u00fcrzt. Wichtig ist uns, dass niemand in dieser herausfordernden Zeit allein gelassen wird. Daher haben wir ein Konjunkturprogramm im Umfang von 130 Milliarden Euro beschlossen, das der Wirtschaft einen kr\u00e4ftigen Schub gibt und an vielen Stellen gleichzeitig unterst\u00fctzt. Es umfasst Familien, Kommunen, Auszubildende, kleine und mittelst\u00e4ndische Unternehmen sowie Kultur und Umwelt.<\/p>\n<p>Ein gutes Konjunkturprogramm definiert sich aber nicht allein \u00fcber die Gr\u00f6\u00dfe. Deshalb haben wir als SPD von Anfang an klare Ma\u00dfst\u00e4be festgelegt: es sollte maximal wirksam, sozial gerecht und \u00f6kologisch nachhaltig sein.<span class=\"Apple-converted-space\">\u00a0<\/span><\/p>\n<p>Ein Kernanliegen war uns hierbei die Sicherung von Arbeits- und Ausbildungspl\u00e4tzen, die St\u00e4rkung der Kaufkraft sowie gezielte und unb\u00fcrokratische Hilfen, wo sie am dringendsten gebraucht werden: bei Besch\u00e4ftigten der besonders von Corona betroffenen Branchen, bei Familien, Menschen mit kleinen und mittleren Einkommen, bei Selbstst\u00e4ndigen und Kleinunternehmen. Als ein sehr wirksames Mittel hat sich hier das von der SPD geforderte Kurzarbeitergeld erwiesen. So gelang es uns bereits jetzt, Millionen von Arbeitspl\u00e4tzen zu retten. Da die Folgen der Corona-Pandemie uns aber noch l\u00e4nger begleiten werden, haben wir uns erneut f\u00fcr eine Ausweitung der Zahlungen bis 2022 stark gemacht.<\/p>\n<p>Dar\u00fcber hinaus investieren wir konsequent und gezielt in die Modernisierung unseres Landes: in die Energie- und Mobilit\u00e4tswende, in Digitalisierung und soziale Infrastruktur (wie Kitas und Schulen), um Deutschland fit f\u00fcr die Herausforderungen der Zukunft zu machen.<\/p>\n<p><span style=\"color: #ff0000;\"><b>Unser Konjunkturpaket<\/b><\/span><\/p>\n<ul>\n<li><span style=\"color: #ff0000;\">Rettung von Millionen Arbeitspl\u00e4tzen durch das Kurzarbeitergeld<\/span><\/li>\n<li><span style=\"color: #ff0000;\">Ausbildungspr\u00e4mie f\u00fcr kleine und mittelst\u00e4ndische Unternehmen zur Sicherung von Ausbildungspl\u00e4tzen<\/span><\/li>\n<li><span style=\"color: #ff0000;\">Senkung der Mehrwertsteuer zur St\u00e4rkung der Kaufkraft<\/span><\/li>\n<li><span style=\"color: #ff0000;\">Kinderbonus in H\u00f6he von 300 Euro zur Entlastung von Familien<\/span><\/li>\n<li><span style=\"color: #ff0000;\">Unterst\u00fctzung von Kultureinrichtungen<\/span><\/li>\n<li><span style=\"color: #ff0000;\">Investitionen in eine klimafreundliche Energie- und Mobilit\u00e4tswende<\/span><\/li>\n<\/ul>\n            <\/div>        <\/div>    <\/div><\/section>\n<\/div><\/div><div style=' margin-top:30px; margin-bottom:30px;'  class='hr hr-custom hr-center hr-icon-no  '><span class='hr-inner   inner-border-av-border-none' style=' width:50px;' ><span class='hr-inner-style'><\/span><\/span><\/div>\n\n<\/div><\/div><\/div><!-- close content main div --><\/div><\/div><div id='av_section_3' class='avia-section main_color avia-section-default avia-no-border-styling avia-full-stretch av-parallax-section avia-bg-style-parallax   av-minimum-height av-minimum-height-100 container_wrap fullsize'  data-section-bg-repeat='stretch' ><div class='av-parallax' data-avia-parallax-ratio='0.3' ><div class='av-parallax-inner main_color  avia-full-stretch' style = 'background-repeat: no-repeat; background-image: url(https:\/\/www.carsten-schneider.de\/blog\/wp-content\/uploads\/2021\/06\/SPD_Hintergrund_Form_Template_7.png);background-attachment: scroll; background-position: center center; ' ><\/div><\/div><div class='container' ><div class='template-page content  av-content-full alpha units'><div class='post-entry post-entry-type-page post-entry-596'><div class='entry-content-wrapper clearfix'>\n<div class=\"flex_column av_three_fourth  flex_column_div av-zero-column-padding first  \" style='margin-top:50px; margin-bottom:10px; border-radius:0px; '><div class='avia-image-container  av-styling-    avia-align-center '  itemprop=\"ImageObject\" itemscope=\"itemscope\" itemtype=\"https:\/\/schema.org\/ImageObject\"  ><div class='avia-image-container-inner'><div class='avia-image-overlay-wrap'><img class='avia_image ' src='https:\/\/www.carsten-schneider.de\/blog\/wp-content\/uploads\/2021\/06\/titel-klein-kennenlernen_rotaufweiss.png' alt='' title='titel-klein-kennenlernen_rotaufweiss' height=\"200\"width=\"1800\"  itemprop=\"thumbnailUrl\"  \/><\/div><\/div><\/div><\/div><div class=\"flex_column av_one_third  flex_column_div first  \" style='margin-top:0px; margin-bottom:0px; padding:70px 0px 0px 0px ; border-radius:0px; '><section class=\"av_textblock_section \"  itemscope=\"itemscope\" itemtype=\"https:\/\/schema.org\/CreativeWork\" ><div class='avia_textblock  '   itemprop=\"text\" ><h2>Carsten Schneider<\/h2>\n<p>geboren am 23.1.1976 in Erfurt<\/p>\n<p>verheiratet, zwei Kinder<\/p>\n<p>Erster Parlamentarischer Gesch\u00e4ftsfu\u0308hrer der SPD-Bundestagsfraktion\u00a0und damit zust\u00e4ndig fu\u0308r Grundsatzfragen der\u00a0Gesch\u00e4ftsfu\u0308hrung sowie die Koordinierung der parlamentarischen\u00a0Abl\u00e4ufe mit der Bundesregierung, Partei, Landesregierungen\u00a0und Landtagsfraktionen.<\/p>\n<\/div><\/section><br \/>\n<div class=\"togglecontainer  av-minimal-toggle toggle_close_all \" >\n<section class=\"av_toggle_section\"  itemscope=\"itemscope\" itemtype=\"https:\/\/schema.org\/CreativeWork\"  >    <div class=\"single_toggle\" data-tags=\"{Alle} \"  >        <p data-fake-id=\"#toggle-id-4\" class=\"toggler  av-inherit-font-color  av-inherit-border-color \"  itemprop=\"headline\"  style='background-color: #efefef; color: #474747; border-color: #efefef; '>Politische Biographie<span class=\"toggle_icon\" style='border-color:#474747;'>        <span class=\"vert_icon\"><\/span><span class=\"hor_icon\"><\/span><\/span><\/p>        <div id=\"toggle-id-4-container\" class=\"toggle_wrap \"  >            <div class=\"toggle_content invers-color  av-inherit-font-color  av-inherit-border-color \"  itemprop=\"text\"  style='background-color: #efefef; color: #474747; border-color: #efefef; ' ><p>1994 Eintritt bei den Jusos<\/p>\n<p>1995 Eintritt\u00a0in die SPD<\/p>\n<p>1995-1999 Mitglied im Kreisvorstand der SPD Erfurt<\/p>\n<p>seit 1998 Mitglied des Deutschen Bundestages<\/p>\n<p>1999-2003\u00a0Mitglied im Landesvorstand der SPD Thu\u0308ringen<\/p>\n<p>2005-2013\u00a0Haushaltspolitischer Sprecher der SPD-Bundestagsfraktion<\/p>\n<p>2013-2017 Stellvertretender Vorsitzender der SPD-Bundestagsfraktion<\/p>\n<p>2014-2017 Stellvertretender Landesvorsitzender der\u00a0SPD Thu\u0308ringen<\/p>\n<p>seit 2017 Erster Parlamentarischer Gesch\u00e4ftsfu\u0308hrer\u00a0der SPD-Bundestagsfraktion<\/p>\n            <\/div>        <\/div>    <\/div><\/section>\n<section class=\"av_toggle_section\"  itemscope=\"itemscope\" itemtype=\"https:\/\/schema.org\/CreativeWork\"  >    <div class=\"single_toggle\" data-tags=\"{Alle} \"  >        <p data-fake-id=\"#toggle-id-5\" class=\"toggler  av-inherit-font-color  av-inherit-border-color \"  itemprop=\"headline\"  style='background-color: #efefef; color: #474747; border-color: #efefef; '>Ausbildung<span class=\"toggle_icon\" style='border-color:#474747;'>        <span class=\"vert_icon\"><\/span><span class=\"hor_icon\"><\/span><\/span><\/p>        <div id=\"toggle-id-5-container\" class=\"toggle_wrap \"  >            <div class=\"toggle_content invers-color  av-inherit-font-color  av-inherit-border-color \"  itemprop=\"text\"  style='background-color: #efefef; color: #474747; border-color: #efefef; ' ><p>1982-1984 Dorfschule Klettbach<\/p>\n<p>1984-1991\u00a0POS 4 \u201eAugusto Cesar Sandino\u201c in Erfurt<\/p>\n<p>1991-1994 Abitur\u00a0am Johann-Wilhelm-H\u00e4\u00dfler-Gymnasium in Erfurt<\/p>\n<p>1994-1997\u00a0Ausbildung zum Bankkaufmann bei der Volksbank Erfurt eG<\/p>\n<p>1997-1998 Zivildienst in der Jugendherberge Erfurt<\/p>\n<p>1998 Bankkaufmann\u00a0bei der Sparkasse Erfurt<\/p>\n<p>2013 Abschluss des weiterbildenden\u00a0Studiums \u201ePublic Policy\u201c an der Universit\u00e4t Erfurt<\/p>\n            <\/div>        <\/div>    <\/div><\/section>\n<section class=\"av_toggle_section\"  itemscope=\"itemscope\" itemtype=\"https:\/\/schema.org\/CreativeWork\"  >    <div class=\"single_toggle\" data-tags=\"{Alle} \"  >        <p data-fake-id=\"#toggle-id-6\" class=\"toggler  av-inherit-font-color  av-inherit-border-color \"  itemprop=\"headline\"  style='background-color: #efefef; color: #474747; border-color: #efefef; '>Ehren\u00e4mter<span class=\"toggle_icon\" style='border-color:#474747;'>        <span class=\"vert_icon\"><\/span><span class=\"hor_icon\"><\/span><\/span><\/p>        <div id=\"toggle-id-6-container\" class=\"toggle_wrap \"  >            <div class=\"toggle_content invers-color  av-inherit-font-color  av-inherit-border-color \"  itemprop=\"text\"  style='background-color: #efefef; color: #474747; border-color: #efefef; ' ><p>Schirmherr\u00a0des Stadtlaufs\u00a0\u201eErfurt rennt\u201c<\/p>\n<p>Mitglied im F\u00f6rderverein \u201eRenau-Mosaik e. V.\u201c in Erfurt<\/p>\n<p>Mitglied im Kuratorium des Vereins \u201eBauhaus.Weimar.Moderne \u2013 Die Kunstfreunde e. V.\u201c<\/p>\n            <\/div>        <\/div>    <\/div><\/section>\n<\/div><\/p><\/div><div class=\"flex_column av_two_third  av-animated-generic right-to-left  flex_column_div av-zero-column-padding   \" style='margin-top:0px; margin-bottom:0px; border-radius:0px; '><div class='avia-image-container  av-styling-    avia-align-center '  itemprop=\"ImageObject\" itemscope=\"itemscope\" itemtype=\"https:\/\/schema.org\/ImageObject\"  ><div class='avia-image-container-inner'><div class='avia-image-overlay-wrap'><img class='avia_image ' src='https:\/\/www.carsten-schneider.de\/blog\/wp-content\/uploads\/2021\/06\/Schneider_Carsten_00032_frei.png' alt='' title='Schneider_Carsten_00032_frei' height=\"1800\"width=\"1301\"  itemprop=\"thumbnailUrl\"  \/><\/div><\/div><\/div><\/div><div class=\"flex_column av_one_full  flex_column_div first  \" style='margin-top:0px; margin-bottom:50px; background: #ffffff; padding:50px 50px 50px 0px ; background-color:#ffffff; border-radius:0px; '><section class=\"av_textblock_section \"  itemscope=\"itemscope\" itemtype=\"https:\/\/schema.org\/CreativeWork\" ><div class='avia_textblock  '   itemprop=\"text\" ><h2><img loading=\"lazy\" class=\"alignright wp-image-674 size-medium\" src=\"http:\/\/www.carsten-schneider.de\/blog\/wp-content\/uploads\/2021\/06\/wahlkreis-2017-226x300.png\" alt=\"\" width=\"226\" height=\"300\" srcset=\"https:\/\/www.carsten-schneider.de\/blog\/wp-content\/uploads\/2021\/06\/wahlkreis-2017-226x300.png 226w, https:\/\/www.carsten-schneider.de\/blog\/wp-content\/uploads\/2021\/06\/wahlkreis-2017-771x1024.png 771w, https:\/\/www.carsten-schneider.de\/blog\/wp-content\/uploads\/2021\/06\/wahlkreis-2017-768x1020.png 768w, https:\/\/www.carsten-schneider.de\/blog\/wp-content\/uploads\/2021\/06\/wahlkreis-2017-531x705.png 531w, https:\/\/www.carsten-schneider.de\/blog\/wp-content\/uploads\/2021\/06\/wahlkreis-2017-450x598.png 450w, https:\/\/www.carsten-schneider.de\/blog\/wp-content\/uploads\/2021\/06\/wahlkreis-2017.png 800w\" sizes=\"(max-width: 226px) 100vw, 226px\" \/>Anwalt f\u00fcr Th\u00fcringen<\/h2>\n<p>In meiner Funktion als Erster Parlamentarischer Gesch\u00e4ftsf\u00fchrer der SPD-Bundestagsfraktion mache ich Politik f\u00fcr ganz Deutschland. Dennoch habe ich immer auch die Interessen Th\u00fcringens und ganz Ostdeutschlands im Blick. Ein gro\u00dfer Teil meiner Arbeit besteht darin, mich f\u00fcr den Erhalt unseres kulturellen Erbes, den gesellschaftlichen Zusammenhalt und auch die wirtschaftliche Entwicklung unserer Region einzusetzen. Ich arbeite auch jeden Tag f\u00fcr die Menschen in meinem Wahlkreis und in ganz Th\u00fcringen.<\/p>\n<p>Egal ob es darum geht, den Bund f\u00fcr eine finanzielle Beteiligung am Erhalt und Ausbau der Th\u00fcringer Schl\u00f6sser und G\u00e4rten zu gewinnen, f\u00fcr die Sportst\u00e4ttensanierung in Nordhausen oder Oberhof, f\u00fcr Projekte der Denkmalpflege oder f\u00fcr Investitionen in die soziale und st\u00e4dtebauliche Infrastruktur in Erfurt und Weimar: der Einsatz lohnt sich am Ende fast immer!<\/p>\n<p>Mit der Er\u00f6ffnung des ICE-Knotens ist Erfurt zu einer \u201eBoomtown\u201c geworden. Die Stadt prosperiert als Zentrum Th\u00fcringens seit Jahren, wie Bev\u00f6lkerungswachstum, gute wirtschaftliche Entwicklung und Tourismus in der Stadt zeigen. Die Arbeitslosigkeit ist zur\u00fcckgegangen, Unternehmen haben sich angesiedelt und die Lohnentwicklung kann sich sehen lassen. Ich habe erreicht, dass der S\u00fcdosten in das Bundesprogramm \u201eSoziale Stadt\u201c aufgenommen wurde. Dazu l\u00e4uft ein St\u00e4dtebaumodellvorhaben mit dem Volumen von 50 Millionen Euro an, f\u00fcr das ich in den Haushaltsverhandlungen lange k\u00e4mpfen musste. Das Programm wird Verbindungen zwischen den unterschiedlichen Sozialr\u00e4umen in der Stadt schaffen. Deshalb werde ich dieses Programm weiter vorantreiben, damit aktive Nachbarschaft, familienfreundliche Infrastruktur und ein optimistischer Blick in die Zukunft den Alltag \u00fcberall in der Stadt pr\u00e4gen.<\/p>\n<p>Mittlerweile stehen wir in der Landeshauptstadt vor neuen Problemen wie einem Mangel an Betreuungspl\u00e4tzen oder stark steigenden Mieten im Stadtgebiet. Die Herausforderung ist jetzt, das Wachstum sozial(demokratisch) zu gestalten.<br \/>\nAuch Weimar w\u00e4chst und gedeiht als Kultur- und Universit\u00e4tsstadt, zunehmend auch als zentraler Geschichtsort der deutschen Demokratie. Diese historische Bedeutung wurde zuletzt 2019 durch das 100. Jubil\u00e4um von Weimarer Verfassung und Weimarer Republik deutschlandweit ins Ged\u00e4chtnis gerufen. Ich habe mich erfolgreich daf\u00fcr eingesetzt, dass der Bund das Projekt \u201eHaus der Weimarer Republik\u201c f\u00f6rdert und werde das auch weiterhin tun. Mit den Investitionen in das Deutsche Nationaltheater und das Stadtschloss, f\u00fcr die mehr als 300 Millionen Euro verbaut werden, wird die Stadt einen weiteren Schritt nach vorne machen. Angesichts der Corona-Krise setze ich mich in Berlin f\u00fcr wirksame Hilfen f\u00fcr die Kultur- und Veranstaltungsbranche ein und w\u00fcnsche mir gerade f\u00fcr die kreative und vielf\u00e4ltige Szene in Weimar von Herzen, dass Events und Konzerte m\u00f6glichst bald wieder im gewohnten Format stattfinden k\u00f6nnen.<\/p>\n<p>Th\u00fcringen ist meine Heimat. Mein Wahlkreis umfasst Erfurt, Weimar und das Grammetal. Ich will die begonnenen Projekte weiter engagiert begleiten und meinen Anteil dazu leisten, dass die Menschen in der Region zuversichtlich bleiben, ihre Chancen und Potentiale nutzen und solidarisch an einer friedlichen, demokratischen und gl\u00fccklichen Zukunft arbeiten k\u00f6nnen.<\/p>\n<\/div><\/section><\/div>\n\n<\/div><\/div><\/div><!-- close content main div --><\/div><\/div><div id='av_section_4' class='avia-section main_color avia-section-default avia-no-border-styling avia-bg-style-scroll   av-minimum-height av-minimum-height-100 container_wrap fullsize' style = 'background-color: #e3000b; background-image: '  ><div class='container' ><div class='template-page content  av-content-full alpha units'><div class='post-entry post-entry-type-page post-entry-596'><div class='entry-content-wrapper clearfix'>\n<div class=\"flex_column av_three_fourth  flex_column_div av-zero-column-padding first  \" style='margin-top:50px; margin-bottom:10px; border-radius:0px; '><div class='avia-image-container  av-styling-    avia-align-center '  itemprop=\"ImageObject\" itemscope=\"itemscope\" itemtype=\"https:\/\/schema.org\/ImageObject\"  ><div class='avia-image-container-inner'><div class='avia-image-overlay-wrap'><img class='avia_image ' src='https:\/\/www.carsten-schneider.de\/blog\/wp-content\/uploads\/2021\/06\/titel-klein-gespraech_weiss.png' alt='' title='titel-klein-gespraech_weiss' height=\"200\"width=\"1800\"  itemprop=\"thumbnailUrl\"  \/><\/div><\/div><\/div><\/div><div class=\"flex_column av_one_third  flex_column_div first  \" style='margin-top:0px; margin-bottom:0px; padding:70px 0px 0px 0px ; border-radius:0px; '><div class=\"togglecontainer  av-minimal-toggle toggle_close_all \" >\n<section class=\"av_toggle_section\"  itemscope=\"itemscope\" itemtype=\"https:\/\/schema.org\/CreativeWork\"  >    <div class=\"single_toggle\" data-tags=\"{Alle} \"  >        <p data-fake-id=\"#toggle-id-7\" class=\"toggler  av-inherit-font-color  av-inherit-border-color \"  itemprop=\"headline\"  style='background-color: #ededed; color: #474747; border-color: #ededed; '>B\u00fcrgerb\u00fcro Erfurt<span class=\"toggle_icon\" style='border-color:#474747;'>        <span class=\"vert_icon\"><\/span><span class=\"hor_icon\"><\/span><\/span><\/p>        <div id=\"toggle-id-7-container\" class=\"toggle_wrap \"  >            <div class=\"toggle_content invers-color  av-inherit-font-color  av-inherit-border-color \"  itemprop=\"text\"  style='background-color: #ededed; color: #474747; border-color: #ededed; ' ><p><img src=\"http:\/\/www.carsten-schneider.de\/blog\/wp-content\/uploads\/2021\/06\/RTEmagicC_schweitzberger1_01.jpg.jpg\" alt=\"\" \/><\/p>\n<p><em>B\u00fcroleiterin: Brita Schweitzberger<\/em><\/p>\n<p>Andreasstra\u00dfe\u00a03<br \/>\n99084 Erfurt<\/p>\n<p>Telefon: (0361) 2 66 68 15<br \/>\nTelefax: (0361) 6 01 57 05<\/p>\n<p><a href=\"mailto:carsten.schneider.wk@bundestag.de\">carsten.schneider.wk@bundestag.de<\/a><\/p>\n            <\/div>        <\/div>    <\/div><\/section>\n<section class=\"av_toggle_section\"  itemscope=\"itemscope\" itemtype=\"https:\/\/schema.org\/CreativeWork\"  >    <div class=\"single_toggle\" data-tags=\"{Alle} \"  >        <p data-fake-id=\"#toggle-id-8\" class=\"toggler  av-inherit-font-color  av-inherit-border-color \"  itemprop=\"headline\"  style='background-color: #ededed; color: #474747; border-color: #ededed; '>B\u00fcrgerb\u00fcro Erfurt<span class=\"toggle_icon\" style='border-color:#474747;'>        <span class=\"vert_icon\"><\/span><span class=\"hor_icon\"><\/span><\/span><\/p>        <div id=\"toggle-id-8-container\" class=\"toggle_wrap \"  >            <div class=\"toggle_content invers-color  av-inherit-font-color  av-inherit-border-color \"  itemprop=\"text\"  style='background-color: #ededed; color: #474747; border-color: #ededed; ' ><p><img src=\"http:\/\/www.carsten-schneider.de\/blog\/wp-content\/uploads\/2021\/06\/RTEmagicC_schweitzberger1_01.jpg.jpg\" alt=\"\" \/><\/p>\n<p><em>B\u00fcroleiterin: Brita Schweitzberger<\/em><\/p>\n<p>Andreasstra\u00dfe\u00a03<br \/>\n99084 Erfurt<\/p>\n<p>Telefon: (0361) 2 66 68 15<br \/>\nTelefax: (0361) 6 01 57 05<\/p>\n<p><a href=\"mailto:carsten.schneider.wk@bundestag.de\">carsten.schneider.wk@bundestag.de<\/a><\/p>\n            <\/div>        <\/div>    <\/div><\/section>\n<section class=\"av_toggle_section\"  itemscope=\"itemscope\" itemtype=\"https:\/\/schema.org\/CreativeWork\"  >    <div class=\"single_toggle\" data-tags=\"{Alle} \"  >        <p data-fake-id=\"#toggle-id-9\" class=\"toggler  av-inherit-font-color  av-inherit-border-color \"  itemprop=\"headline\"  style='background-color: #ededed; color: #474747; border-color: #ededed; '>B\u00fcrgerb\u00fcro Erfurt<span class=\"toggle_icon\" style='border-color:#474747;'>        <span class=\"vert_icon\"><\/span><span class=\"hor_icon\"><\/span><\/span><\/p>        <div id=\"toggle-id-9-container\" class=\"toggle_wrap \"  >            <div class=\"toggle_content invers-color  av-inherit-font-color  av-inherit-border-color \"  itemprop=\"text\"  style='background-color: #ededed; color: #474747; border-color: #ededed; ' ><p><img src=\"http:\/\/www.carsten-schneider.de\/blog\/wp-content\/uploads\/2021\/06\/RTEmagicC_schweitzberger1_01.jpg.jpg\" alt=\"\" \/><\/p>\n<p><em>B\u00fcroleiterin: Brita Schweitzberger<\/em><\/p>\n<p>Andreasstra\u00dfe\u00a03<br \/>\n99084 Erfurt<\/p>\n<p>Telefon: (0361) 2 66 68 15<br \/>\nTelefax: (0361) 6 01 57 05<\/p>\n<p><a href=\"mailto:carsten.schneider.wk@bundestag.de\">carsten.schneider.wk@bundestag.de<\/a><\/p>\n            <\/div>        <\/div>    <\/div><\/section>\n<\/div><\/div><div class=\"flex_column av_two_third  av-animated-generic right-to-left  flex_column_div   \" style='margin-top:0px; margin-bottom:0px; padding:0px 0px 70px 0px ; border-radius:0px; '><form action=\"https:\/\/www.carsten-schneider.de\/blog\/\" method=\"post\"  class=\"avia_ajax_form av-form-labels-visible   av-custom-form-color av-light-form \" data-avia-form-id=\"1\" data-avia-redirect=''><fieldset><p class=' first_form  form_element form_fullwidth' id='element_avia_1_1'><label for=\"avia_1_1\">Name <abbr class=\"required\" title=\"ben\u00f6tigt\">*<\/abbr><\/label> <input name=\"avia_1_1\" class=\"text_input is_empty\" type=\"text\" id=\"avia_1_1\" value=\"\" \/><\/p><p class=' first_form  form_element form_fullwidth' id='element_avia_2_1'><label for=\"avia_2_1\">E-Mail <abbr class=\"required\" title=\"ben\u00f6tigt\">*<\/abbr><\/label> <input name=\"avia_2_1\" class=\"text_input is_email\" type=\"text\" id=\"avia_2_1\" value=\"\" \/><\/p><p class=' first_form  form_element form_fullwidth' id='element_avia_3_1'><label for=\"avia_3_1\">Betreff <abbr class=\"required\" title=\"ben\u00f6tigt\">*<\/abbr><\/label> <input name=\"avia_3_1\" class=\"text_input is_empty\" type=\"text\" id=\"avia_3_1\" value=\"\" \/><\/p><p class=' first_form  form_element form_fullwidth' id='element_avia_4_1'>\t <label for=\"avia_4_1\" class=\"textare_label hidden textare_label_avia_4_1\">Nachricht <abbr class=\"required\" title=\"ben\u00f6tigt\">*<\/abbr><\/label>\t <textarea  name=\"avia_4_1\" class=\"text_area is_empty\" cols=\"40\" rows=\"7\" id=\"avia_4_1\" ><\/textarea><\/p><p class=\"hidden\"><input type=\"text\" name=\"avia_5_1\" class=\"hidden \" id=\"avia_5_1\" value=\"\" \/><\/p><p class='' id='element_avia_6_1'>    <span class='value_verifier_label'>0 + 3 = ?<\/span>    <input name=\"avia_6_1_verifier\" type=\"hidden\" id=\"avia_6_1_verifier\" value=\"272533435\"\/><label for=\"avia_6_1\">Bitte l\u00f6se die Gleichung. Diese Ma\u00dfnahme dient der Abwehr von Spam <abbr class=\"required\" title=\"ben\u00f6tigt\">*<\/abbr><\/label>    <input name=\"avia_6_1\" class=\"text_input captcha\" type=\"text\" id=\"avia_6_1\" value=\"\"\/><\/p><p class=\"form_element \"><input type=\"hidden\" value=\"1\" name=\"avia_generated_form1\" \/><input type=\"submit\" value=\"Senden\" class=\"button\"  data-sending-label=\"Sende\"\/><\/p><\/fieldset><\/form><div id=\"ajaxresponse_1\" class=\"ajaxresponse ajaxresponse_1 hidden\"><\/div><\/div><div class=\"flex_column av_one_fifth  flex_column_div first  \" style='margin-top:0px; margin-bottom:50px; padding:50px 50px 50px 0px ; border-radius:0px; '><\/div><div class=\"flex_column av_one_fifth  av-animated-generic pop-up  flex_column_div av-zero-column-padding   \" style='margin-top:0px; margin-bottom:50px; border-width:2px; border-color:#ffffff; border-style:solid; border-radius:0px; '><div class='avia-image-container avia_animated_image avia_animate_when_almost_visible pop-up av-styling-    avia-align-center '  itemprop=\"ImageObject\" itemscope=\"itemscope\" itemtype=\"https:\/\/schema.org\/ImageObject\"  ><div class='avia-image-container-inner'><div class='avia-image-overlay-wrap'><a href='https:\/\/twitter.com\/schneidercar' class='avia_image'   target=\"_blank\" ><img class='avia_image ' src='https:\/\/www.carsten-schneider.de\/blog\/wp-content\/uploads\/2021\/06\/800q-twitter.png' alt='' title='800q-twitter'  itemprop=\"thumbnailUrl\"  \/><\/a><\/div><\/div><\/div><\/div><div class=\"flex_column av_one_fifth  av-animated-generic pop-up  flex_column_div av-zero-column-padding   \" style='margin-top:0px; margin-bottom:50px; border-width:2px; border-color:#ffffff; border-style:solid; border-radius:0px; '><div class='avia-image-container avia_animated_image avia_animate_when_almost_visible pop-up av-styling-    avia-align-center '  itemprop=\"ImageObject\" itemscope=\"itemscope\" itemtype=\"https:\/\/schema.org\/ImageObject\"  ><div class='avia-image-container-inner'><div class='avia-image-overlay-wrap'><a href='https:\/\/facebook.com\/schneidercar' class='avia_image'   target=\"_blank\" ><img class='avia_image ' src='https:\/\/www.carsten-schneider.de\/blog\/wp-content\/uploads\/2021\/06\/800q-facebook.png' alt='' title='800q-facebook'  itemprop=\"thumbnailUrl\"  \/><\/a><\/div><\/div><\/div><\/div><div class=\"flex_column av_one_fifth  av-animated-generic pop-up  flex_column_div av-zero-column-padding   \" style='margin-top:0px; margin-bottom:50px; border-width:2px; border-color:#ffffff; border-style:solid; border-radius:0px; '><div class='avia-image-container avia_animated_image avia_animate_when_almost_visible pop-up av-styling-    avia-align-center '  itemprop=\"ImageObject\" itemscope=\"itemscope\" itemtype=\"https:\/\/schema.org\/ImageObject\"  ><div class='avia-image-container-inner'><div class='avia-image-overlay-wrap'><a href='https:\/\/instagram.com\/schneidercar_spd' class='avia_image'   target=\"_blank\" ><img class='avia_image ' src='https:\/\/www.carsten-schneider.de\/blog\/wp-content\/uploads\/2021\/06\/800q-instagram.png' alt='' title='800q-instagram'  itemprop=\"thumbnailUrl\"  \/><\/a><\/div><\/div><\/div><\/div>\n","protected":false},"excerpt":{"rendered":"","protected":false},"author":1,"featured_media":0,"parent":0,"menu_order":0,"comment_status":"closed","ping_status":"closed","template":"","meta":[],"_links":{"self":[{"href":"https:\/\/www.carsten-schneider.de\/blog\/index.php?rest_route=\/wp\/v2\/pages\/596"}],"collection":[{"href":"https:\/\/www.carsten-schneider.de\/blog\/index.php?rest_route=\/wp\/v2\/pages"}],"about":[{"href":"https:\/\/www.carsten-schneider.de\/blog\/index.php?rest_route=\/wp\/v2\/types\/page"}],"author":[{"embeddable":true,"href":"https:\/\/www.carsten-schneider.de\/blog\/index.php?rest_route=\/wp\/v2\/users\/1"}],"replies":[{"embeddable":true,"href":"https:\/\/www.carsten-schneider.de\/blog\/index.php?rest_route=%2Fwp%2Fv2%2Fcomments&post=596"}],"version-history":[{"count":38,"href":"https:\/\/www.carsten-schneider.de\/blog\/index.php?rest_route=\/wp\/v2\/pages\/596\/revisions"}],"predecessor-version":[{"id":681,"href":"https:\/\/www.carsten-schneider.de\/blog\/index.php?rest_route=\/wp\/v2\/pages\/596\/revisions\/681"}],"wp:attachment":[{"href":"https:\/\/www.carsten-schneider.de\/blog\/index.php?rest_route=%2Fwp%2Fv2%2Fmedia&parent=596"}],"curies":[{"name":"wp","href":"https:\/\/api.w.org\/{rel}","templated":true}]}}